{"id":14531,"date":"2023-02-14T15:36:11","date_gmt":"2023-02-14T15:36:11","guid":{"rendered":"https:\/\/victrin.com\/product\/serie-c1\/"},"modified":"2023-02-14T15:36:11","modified_gmt":"2023-02-14T14:36:11","slug":"serie-c1","status":"publish","type":"product","link":"https:\/\/victrin.com\/fr\/produit\/serie-c1\/","title":{"rendered":"S\u00e9rie C1"},"content":{"rendered":"<style>\/*! elementor - v3.11.1 - 15-02-2023 *\/<br \/>.elementor-heading-title{padding:0;margin:0;line-height:1}.elementor-widget-heading .elementor-heading-title[class*=elementor-size-]&gt;a{color:inherit;font-size:inherit;line-height:inherit}.elementor-widget-heading .elementor-heading-title.elementor-size-small{font-size:15px}.elementor-widget-heading .elementor-heading-title.elementor-size-medium{font-size:19px}.elementor-widget-heading .elementor-heading-title.elementor-size-large{font-size:29px}.elementor-widget-heading .elementor-heading-title.elementor-size-xl{font-size:39px}.elementor-widget-heading .elementor-heading-title.elementor-size-xxl{font-size:59px}<\/style>\n<p>Information produit<br \/>\nLa casquette Victrin-C1 est id\u00e9ale pour compl\u00e9ter votre look street avec une chemise Victrin. Sa haute qualit\u00e9 et son design classique donnent \u00e0 votre tenue le cachet VICTRIN n\u00e9cessaire. La languette ajustable assure un confort et un ajustement id\u00e9al. Ajoutez la Victrin-C1 \u00e0 votre collection de couvre-chefs d\u00e8s maintenant.<br \/>\nCare :   <\/p>\n<ul>\n<li>Ne pas laver<\/li>\n<li>Ne pas blanchir<\/li>\n<li>Ne pas nettoyer \u00e0 sec<\/li>\n<\/ul>\n<p>Composition :<\/p>\n<ul>\n<li>Mati\u00e8re : 80% Acryl \/ 20% Laine<\/li>\n<li>Casquette \u00e0 5 panneaux<\/li>\n<li>Fermeture par pression<\/li>\n<\/ul>\n","protected":false},"excerpt":{"rendered":"<p>La collection de casquettes Victrin, fabriqu\u00e9e \u00e0 partir des mat\u00e9riaux les plus fins et orn\u00e9e de notre embl\u00e8me, ajoute une touche de luxe \u00e0 vos looks chic et d\u00e9contract\u00e9s.<\/p>\n<p>ART NR V-001<br \/>\nLe mod\u00e8le porte Le mod\u00e8le noir Taille : une taille<\/p>\n","protected":false},"featured_media":10639,"template":"","meta":[],"product_brand":[],"product_cat":[263,264],"product_tag":[265,269,266,270,267,268],"class_list":{"0":"post-14531","1":"product","2":"type-product","3":"status-publish","4":"has-post-thumbnail","6":"product_cat-accessoires","7":"product_cat-caps-fr","8":"product_tag-accessoires","9":"product_tag-accessoires-pour-femmes","10":"product_tag-accessoires-pour-hommes","11":"product_tag-chapeaux-et-casquettes-pour-femmes","12":"product_tag-chapeaux-et-casquettes-pour-hommes","13":"product_tag-vente","15":"first","16":"instock","17":"sale","18":"featured","19":"taxable","20":"shipping-taxable","21":"purchasable","22":"product-type-variable"},"_links":{"self":[{"href":"https:\/\/victrin.com\/fr\/wp-json\/wp\/v2\/product\/14531","targetHints":{"allow":["GET"]}}],"collection":[{"href":"https:\/\/victrin.com\/fr\/wp-json\/wp\/v2\/product"}],"about":[{"href":"https:\/\/victrin.com\/fr\/wp-json\/wp\/v2\/types\/product"}],"version-history":[{"count":0,"href":"https:\/\/victrin.com\/fr\/wp-json\/wp\/v2\/product\/14531\/revisions"}],"wp:featuredmedia":[{"embeddable":true,"href":"https:\/\/victrin.com\/fr\/wp-json\/wp\/v2\/media\/10639"}],"wp:attachment":[{"href":"https:\/\/victrin.com\/fr\/wp-json\/wp\/v2\/media?parent=14531"}],"wp:term":[{"taxonomy":"product_brand","embeddable":true,"href":"https:\/\/victrin.com\/fr\/wp-json\/wp\/v2\/product_brand?post=14531"},{"taxonomy":"product_cat","embeddable":true,"href":"https:\/\/victrin.com\/fr\/wp-json\/wp\/v2\/product_cat?post=14531"},{"taxonomy":"product_tag","embeddable":true,"href":"https:\/\/victrin.com\/fr\/wp-json\/wp\/v2\/product_tag?post=14531"}],"curies":[{"name":"wp","href":"https:\/\/api.w.org\/{rel}","templated":true}]}}